{"id":1142,"date":"2019-02-22T20:49:39","date_gmt":"2019-02-22T19:49:39","guid":{"rendered":"http:\/\/new.kleinwaltersdorf-buergerhaus.de\/?page_id=1142"},"modified":"2019-02-22T20:54:49","modified_gmt":"2019-02-22T19:54:49","slug":"fotogalerie-altweibersommer-2010","status":"publish","type":"page","link":"https:\/\/kleinwaltersdorf.de\/index.php\/fotogalerie\/fotogalerie-altweibersommer-2010\/","title":{"rendered":"Fotogalerie Altweibersommer 2010"},"content":{"rendered":"\n<ul class=\"wp-block-gallery columns-1 is-cropped wp-block-gallery-1 is-layout-flex wp-block-gallery-is-layout-flex\"><li class=\"blocks-gallery-item\"><figure><a href=\"http:\/\/new.kleinwaltersdorf-buergerhaus.de\/wp-content\/uploads\/2019\/02\/DSC_0013-1024x680.jpg\"><img decoding=\"async\" loading=\"lazy\" width=\"1024\" height=\"680\" src=\"http:\/\/new.kleinwaltersdorf-buergerhaus.de\/wp-content\/uploads\/2019\/02\/DSC_0013-1024x680.jpg\" alt=\"\" data-id=\"1144\" data-link=\"http:\/\/new.kleinwaltersdorf-buergerhaus.de\/?attachment_id=1144\" class=\"wp-image-1144\" srcset=\"https:\/\/kleinwaltersdorf.de\/wp-content\/uploads\/2019\/02\/DSC_0013-1024x680.jpg 1024w, https:\/\/kleinwaltersdorf.de\/wp-content\/uploads\/2019\/02\/DSC_0013-300x199.jpg 300w, https:\/\/kleinwaltersdorf.de\/wp-content\/uploads\/2019\/02\/DSC_0013-768x510.jpg 768w, https:\/\/kleinwaltersdorf.de\/wp-content\/uploads\/2019\/02\/DSC_0013.jpg 1280w\" sizes=\"(max-width: 1024px) 100vw, 1024px\" \/><\/a><figcaption>Ein bew\u00e4hrtes Team f\u00fcr das Herrichten und Schm\u00fccken des Festbaums sind Volkmar und Tino Stra\u00dfburger.<\/figcaption><\/figure><\/li><li class=\"blocks-gallery-item\"><figure><a href=\"http:\/\/new.kleinwaltersdorf-buergerhaus.de\/wp-content\/uploads\/2019\/02\/DSC_0032-1024x680.jpg\"><img decoding=\"async\" loading=\"lazy\" width=\"1024\" height=\"680\" src=\"http:\/\/new.kleinwaltersdorf-buergerhaus.de\/wp-content\/uploads\/2019\/02\/DSC_0032-1024x680.jpg\" alt=\"\" data-id=\"1146\" data-link=\"http:\/\/new.kleinwaltersdorf-buergerhaus.de\/?attachment_id=1146\" class=\"wp-image-1146\" srcset=\"https:\/\/kleinwaltersdorf.de\/wp-content\/uploads\/2019\/02\/DSC_0032-1024x680.jpg 1024w, https:\/\/kleinwaltersdorf.de\/wp-content\/uploads\/2019\/02\/DSC_0032-300x199.jpg 300w, https:\/\/kleinwaltersdorf.de\/wp-content\/uploads\/2019\/02\/DSC_0032-768x510.jpg 768w, https:\/\/kleinwaltersdorf.de\/wp-content\/uploads\/2019\/02\/DSC_0032.jpg 1280w\" sizes=\"(max-width: 1024px) 100vw, 1024px\" \/><\/a><figcaption>Zur Er\u00f6ffnung konnten die Kleinwaltersdorfer in diesem Jahr Herrn Kr\u00fcger, Freiberger B\u00fcrgermeister f\u00fcr Verwaltung und Finanzen und Bundestagsabgeordnete Frau Veronika Bellmann begr\u00fc\u00dfen, die sogar einen B\u00fchnenauftritt in der Altweiberm\u00fchle absolvierte.<\/figcaption><\/figure><\/li><li class=\"blocks-gallery-item\"><figure><a href=\"http:\/\/new.kleinwaltersdorf-buergerhaus.de\/wp-content\/uploads\/2019\/02\/DSC04196-1024x682.jpg\"><img decoding=\"async\" loading=\"lazy\" width=\"1024\" height=\"682\" src=\"http:\/\/new.kleinwaltersdorf-buergerhaus.de\/wp-content\/uploads\/2019\/02\/DSC04196-1024x682.jpg\" alt=\"\" data-id=\"1157\" data-link=\"http:\/\/new.kleinwaltersdorf-buergerhaus.de\/?attachment_id=1157\" class=\"wp-image-1157\" srcset=\"https:\/\/kleinwaltersdorf.de\/wp-content\/uploads\/2019\/02\/DSC04196-1024x682.jpg 1024w, https:\/\/kleinwaltersdorf.de\/wp-content\/uploads\/2019\/02\/DSC04196-300x200.jpg 300w, https:\/\/kleinwaltersdorf.de\/wp-content\/uploads\/2019\/02\/DSC04196-768x512.jpg 768w, https:\/\/kleinwaltersdorf.de\/wp-content\/uploads\/2019\/02\/DSC04196.jpg 1280w\" sizes=\"(max-width: 1024px) 100vw, 1024px\" \/><\/a><figcaption>Die Freiwillige Feuerwehr Kleinwaltersdorf beim Aufstellen des Festbaumes auf dem Festplatz vor dem B\u00fcrgerhaus.<\/figcaption><\/figure><\/li><li class=\"blocks-gallery-item\"><figure><a href=\"http:\/\/new.kleinwaltersdorf-buergerhaus.de\/wp-content\/uploads\/2019\/02\/DSC_0045-1024x680.jpg\"><img decoding=\"async\" loading=\"lazy\" width=\"1024\" height=\"680\" src=\"http:\/\/new.kleinwaltersdorf-buergerhaus.de\/wp-content\/uploads\/2019\/02\/DSC_0045-1024x680.jpg\" alt=\"\" data-id=\"1147\" data-link=\"http:\/\/new.kleinwaltersdorf-buergerhaus.de\/?attachment_id=1147\" class=\"wp-image-1147\" srcset=\"https:\/\/kleinwaltersdorf.de\/wp-content\/uploads\/2019\/02\/DSC_0045-1024x680.jpg 1024w, https:\/\/kleinwaltersdorf.de\/wp-content\/uploads\/2019\/02\/DSC_0045-300x199.jpg 300w, https:\/\/kleinwaltersdorf.de\/wp-content\/uploads\/2019\/02\/DSC_0045-768x510.jpg 768w, https:\/\/kleinwaltersdorf.de\/wp-content\/uploads\/2019\/02\/DSC_0045.jpg 1280w\" sizes=\"(max-width: 1024px) 100vw, 1024px\" \/><\/a><figcaption>Zur Er\u00f6ffnung haben die Gro\u00dfkalibersch\u00fctzen aus Freiberg unter Leitung von Herr Feetz erstmalig ihre historische Kanone gez\u00fcndet.<\/figcaption><\/figure><\/li><li class=\"blocks-gallery-item\"><figure><a href=\"http:\/\/new.kleinwaltersdorf-buergerhaus.de\/wp-content\/uploads\/2019\/02\/DSC04370-1024x682.jpg\"><img decoding=\"async\" loading=\"lazy\" width=\"1024\" height=\"682\" src=\"http:\/\/new.kleinwaltersdorf-buergerhaus.de\/wp-content\/uploads\/2019\/02\/DSC04370-1024x682.jpg\" alt=\"\" data-id=\"1158\" data-link=\"http:\/\/new.kleinwaltersdorf-buergerhaus.de\/?attachment_id=1158\" class=\"wp-image-1158\" srcset=\"https:\/\/kleinwaltersdorf.de\/wp-content\/uploads\/2019\/02\/DSC04370-1024x682.jpg 1024w, https:\/\/kleinwaltersdorf.de\/wp-content\/uploads\/2019\/02\/DSC04370-300x200.jpg 300w, https:\/\/kleinwaltersdorf.de\/wp-content\/uploads\/2019\/02\/DSC04370-768x512.jpg 768w, https:\/\/kleinwaltersdorf.de\/wp-content\/uploads\/2019\/02\/DSC04370.jpg 1280w\" sizes=\"(max-width: 1024px) 100vw, 1024px\" \/><\/a><figcaption>Die Altweiberm\u00fchle ist in diesem Jahr in ein Kurhotel umfunktioniert worden, allerdings mit teilweise haarstr\u00e4ubenden Behandlungsmethoden. Holger G\u00fcnther war auch in diesem Jahr der Autor des h\u00f6chst unterhaltsamen B\u00fchnenst\u00fccks.<\/figcaption><\/figure><\/li><li class=\"blocks-gallery-item\"><figure><a href=\"http:\/\/new.kleinwaltersdorf-buergerhaus.de\/wp-content\/uploads\/2019\/02\/DSC_0007-1024x680.jpg\"><img decoding=\"async\" loading=\"lazy\" width=\"1024\" height=\"680\" src=\"http:\/\/new.kleinwaltersdorf-buergerhaus.de\/wp-content\/uploads\/2019\/02\/DSC_0007-1024x680.jpg\" alt=\"\" data-id=\"1143\" data-link=\"http:\/\/new.kleinwaltersdorf-buergerhaus.de\/?attachment_id=1143\" class=\"wp-image-1143\" srcset=\"https:\/\/kleinwaltersdorf.de\/wp-content\/uploads\/2019\/02\/DSC_0007-1024x680.jpg 1024w, https:\/\/kleinwaltersdorf.de\/wp-content\/uploads\/2019\/02\/DSC_0007-300x199.jpg 300w, https:\/\/kleinwaltersdorf.de\/wp-content\/uploads\/2019\/02\/DSC_0007-768x510.jpg 768w, https:\/\/kleinwaltersdorf.de\/wp-content\/uploads\/2019\/02\/DSC_0007.jpg 1280w\" sizes=\"(max-width: 1024px) 100vw, 1024px\" \/><\/a><figcaption>Bereits fr\u00fch am Morgen wurde die Strecke f\u00fcr das Meppelkistenrennen pr\u00e4pariert. J\u00f6rg Stra\u00dfburger half mit einer gro\u00dfen Fuhre Strohballen, Reifenservice Ruppert steuerte die Reifen f\u00fcr die Streckenbegrenzung im Zuschauerbereich bei.<\/figcaption><\/figure><\/li><li class=\"blocks-gallery-item\"><figure><a href=\"http:\/\/new.kleinwaltersdorf-buergerhaus.de\/wp-content\/uploads\/2019\/02\/DSC_0063-1024x680.jpg\"><img decoding=\"async\" loading=\"lazy\" width=\"1024\" height=\"680\" src=\"http:\/\/new.kleinwaltersdorf-buergerhaus.de\/wp-content\/uploads\/2019\/02\/DSC_0063-1024x680.jpg\" alt=\"\" data-id=\"1148\" data-link=\"http:\/\/new.kleinwaltersdorf-buergerhaus.de\/?attachment_id=1148\" class=\"wp-image-1148\" srcset=\"https:\/\/kleinwaltersdorf.de\/wp-content\/uploads\/2019\/02\/DSC_0063-1024x680.jpg 1024w, https:\/\/kleinwaltersdorf.de\/wp-content\/uploads\/2019\/02\/DSC_0063-300x199.jpg 300w, https:\/\/kleinwaltersdorf.de\/wp-content\/uploads\/2019\/02\/DSC_0063-768x510.jpg 768w, https:\/\/kleinwaltersdorf.de\/wp-content\/uploads\/2019\/02\/DSC_0063.jpg 1280w\" sizes=\"(max-width: 1024px) 100vw, 1024px\" \/><\/a><figcaption>An der diesj\u00e4hrigen Meppelparade haben 43 historische, bunt geschm\u00fcckte Fahrzeuge teilgenommen. Dirk Steinmetz hat diese sehenswerte Fahrzeugparade wieder organisiert.<\/figcaption><\/figure><\/li><li class=\"blocks-gallery-item\"><figure><a href=\"http:\/\/new.kleinwaltersdorf-buergerhaus.de\/wp-content\/uploads\/2019\/02\/DSC04471-1024x682.jpg\"><img decoding=\"async\" loading=\"lazy\" width=\"1024\" height=\"682\" src=\"http:\/\/new.kleinwaltersdorf-buergerhaus.de\/wp-content\/uploads\/2019\/02\/DSC04471-1024x682.jpg\" alt=\"\" data-id=\"1159\" data-link=\"http:\/\/new.kleinwaltersdorf-buergerhaus.de\/?attachment_id=1159\" class=\"wp-image-1159\" srcset=\"https:\/\/kleinwaltersdorf.de\/wp-content\/uploads\/2019\/02\/DSC04471-1024x682.jpg 1024w, https:\/\/kleinwaltersdorf.de\/wp-content\/uploads\/2019\/02\/DSC04471-300x200.jpg 300w, https:\/\/kleinwaltersdorf.de\/wp-content\/uploads\/2019\/02\/DSC04471-768x512.jpg 768w, https:\/\/kleinwaltersdorf.de\/wp-content\/uploads\/2019\/02\/DSC04471.jpg 1280w\" sizes=\"(max-width: 1024px) 100vw, 1024px\" \/><\/a><figcaption>13 Mannschaften starteten beim \u201e2. Kleinwaltersdorfer Meppelkistenrennen\u201c, welches sich inzwischen zu einem Zuschauermagnet entwickelt hat. Das \u201eTeam Bahnhof\u201c holte sich den Sieg in der Kategorie \u201eBestes Design\u201c.<\/figcaption><\/figure><\/li><li class=\"blocks-gallery-item\"><figure><a href=\"http:\/\/new.kleinwaltersdorf-buergerhaus.de\/wp-content\/uploads\/2019\/02\/DSC04687-1024x682.jpg\"><img decoding=\"async\" loading=\"lazy\" width=\"1024\" height=\"682\" src=\"http:\/\/new.kleinwaltersdorf-buergerhaus.de\/wp-content\/uploads\/2019\/02\/DSC04687-1024x682.jpg\" alt=\"\" data-id=\"1162\" data-link=\"http:\/\/new.kleinwaltersdorf-buergerhaus.de\/?attachment_id=1162\" class=\"wp-image-1162\" srcset=\"https:\/\/kleinwaltersdorf.de\/wp-content\/uploads\/2019\/02\/DSC04687-1024x682.jpg 1024w, https:\/\/kleinwaltersdorf.de\/wp-content\/uploads\/2019\/02\/DSC04687-300x200.jpg 300w, https:\/\/kleinwaltersdorf.de\/wp-content\/uploads\/2019\/02\/DSC04687-768x512.jpg 768w, https:\/\/kleinwaltersdorf.de\/wp-content\/uploads\/2019\/02\/DSC04687.jpg 1280w\" sizes=\"(max-width: 1024px) 100vw, 1024px\" \/><\/a><figcaption>Reges Treiben vor dem B\u00fcrgerhaus mit H\u00fcpfburg.<\/figcaption><\/figure><\/li><li class=\"blocks-gallery-item\"><figure><a href=\"http:\/\/new.kleinwaltersdorf-buergerhaus.de\/wp-content\/uploads\/2019\/02\/DSC_0017-1024x680.jpg\"><img decoding=\"async\" loading=\"lazy\" width=\"1024\" height=\"680\" src=\"http:\/\/new.kleinwaltersdorf-buergerhaus.de\/wp-content\/uploads\/2019\/02\/DSC_0017-1024x680.jpg\" alt=\"\" data-id=\"1145\" data-link=\"http:\/\/new.kleinwaltersdorf-buergerhaus.de\/?attachment_id=1145\" class=\"wp-image-1145\" srcset=\"https:\/\/kleinwaltersdorf.de\/wp-content\/uploads\/2019\/02\/DSC_0017-1024x680.jpg 1024w, https:\/\/kleinwaltersdorf.de\/wp-content\/uploads\/2019\/02\/DSC_0017-300x199.jpg 300w, https:\/\/kleinwaltersdorf.de\/wp-content\/uploads\/2019\/02\/DSC_0017-768x510.jpg 768w, https:\/\/kleinwaltersdorf.de\/wp-content\/uploads\/2019\/02\/DSC_0017.jpg 1280w\" sizes=\"(max-width: 1024px) 100vw, 1024px\" \/><\/a><figcaption>Annett Werner leitet seit einem Jahr die Bibliothek im B\u00fcrgerhaus und hatte einen Buchverkauf f\u00fcr alle interessierten Leseratten vorbereitet.<\/figcaption><\/figure><\/li><li class=\"blocks-gallery-item\"><figure><a href=\"http:\/\/new.kleinwaltersdorf-buergerhaus.de\/wp-content\/uploads\/2019\/02\/DSC_0247-1024x680.jpg\"><img decoding=\"async\" loading=\"lazy\" width=\"1024\" height=\"680\" src=\"http:\/\/new.kleinwaltersdorf-buergerhaus.de\/wp-content\/uploads\/2019\/02\/DSC_0247-1024x680.jpg\" alt=\"\" data-id=\"1151\" data-link=\"http:\/\/new.kleinwaltersdorf-buergerhaus.de\/?attachment_id=1151\" class=\"wp-image-1151\" srcset=\"https:\/\/kleinwaltersdorf.de\/wp-content\/uploads\/2019\/02\/DSC_0247-1024x680.jpg 1024w, https:\/\/kleinwaltersdorf.de\/wp-content\/uploads\/2019\/02\/DSC_0247-300x199.jpg 300w, https:\/\/kleinwaltersdorf.de\/wp-content\/uploads\/2019\/02\/DSC_0247-768x510.jpg 768w, https:\/\/kleinwaltersdorf.de\/wp-content\/uploads\/2019\/02\/DSC_0247.jpg 1280w\" sizes=\"(max-width: 1024px) 100vw, 1024px\" \/><\/a><figcaption>Im Ausstellungsraum des B\u00fcrgerhauses bereicherten die AG Malen und Zeichnen und die Kleinwaltersdorfer Ortschronisten die Veranstaltung mit Bildern und zeitgeschichtlichen Dokumenten.<\/figcaption><\/figure><\/li><li class=\"blocks-gallery-item\"><figure><a href=\"http:\/\/new.kleinwaltersdorf-buergerhaus.de\/wp-content\/uploads\/2019\/02\/DSC_0249-1024x680.jpg\"><img decoding=\"async\" loading=\"lazy\" width=\"1024\" height=\"680\" src=\"http:\/\/new.kleinwaltersdorf-buergerhaus.de\/wp-content\/uploads\/2019\/02\/DSC_0249-1024x680.jpg\" alt=\"\" data-id=\"1152\" data-link=\"http:\/\/new.kleinwaltersdorf-buergerhaus.de\/?attachment_id=1152\" class=\"wp-image-1152\" srcset=\"https:\/\/kleinwaltersdorf.de\/wp-content\/uploads\/2019\/02\/DSC_0249-1024x680.jpg 1024w, https:\/\/kleinwaltersdorf.de\/wp-content\/uploads\/2019\/02\/DSC_0249-300x199.jpg 300w, https:\/\/kleinwaltersdorf.de\/wp-content\/uploads\/2019\/02\/DSC_0249-768x510.jpg 768w, https:\/\/kleinwaltersdorf.de\/wp-content\/uploads\/2019\/02\/DSC_0249.jpg 1280w\" sizes=\"(max-width: 1024px) 100vw, 1024px\" \/><\/a><figcaption>Ebenfalls m Ausstellungsraum des B\u00fcrgerhauses konnten auf dem von der GSQ Freiberg liebevoll aufgebauten Basar viele h\u00fcbsche kunstgewerbliche Artikel erworben werden.<\/figcaption><\/figure><\/li><li class=\"blocks-gallery-item\"><figure><a href=\"http:\/\/new.kleinwaltersdorf-buergerhaus.de\/wp-content\/uploads\/2019\/02\/DSC_0270-1024x680.jpg\"><img decoding=\"async\" loading=\"lazy\" width=\"1024\" height=\"680\" src=\"http:\/\/new.kleinwaltersdorf-buergerhaus.de\/wp-content\/uploads\/2019\/02\/DSC_0270-1024x680.jpg\" alt=\"\" data-id=\"1155\" data-link=\"http:\/\/new.kleinwaltersdorf-buergerhaus.de\/?attachment_id=1155\" class=\"wp-image-1155\" srcset=\"https:\/\/kleinwaltersdorf.de\/wp-content\/uploads\/2019\/02\/DSC_0270-1024x680.jpg 1024w, https:\/\/kleinwaltersdorf.de\/wp-content\/uploads\/2019\/02\/DSC_0270-300x199.jpg 300w, https:\/\/kleinwaltersdorf.de\/wp-content\/uploads\/2019\/02\/DSC_0270-768x510.jpg 768w, https:\/\/kleinwaltersdorf.de\/wp-content\/uploads\/2019\/02\/DSC_0270.jpg 1280w\" sizes=\"(max-width: 1024px) 100vw, 1024px\" \/><\/a><figcaption>Nach dem Meppelkistenrennen wurden die Strohballen von den Kindern zur Strohburg umfunktioniert.<\/figcaption><\/figure><\/li><li class=\"blocks-gallery-item\"><figure><a href=\"http:\/\/new.kleinwaltersdorf-buergerhaus.de\/wp-content\/uploads\/2019\/02\/DSC_0181-1-1024x680.jpg\"><img decoding=\"async\" loading=\"lazy\" width=\"1024\" height=\"680\" src=\"http:\/\/new.kleinwaltersdorf-buergerhaus.de\/wp-content\/uploads\/2019\/02\/DSC_0181-1-1024x680.jpg\" alt=\"\" data-id=\"1150\" data-link=\"http:\/\/new.kleinwaltersdorf-buergerhaus.de\/?attachment_id=1150\" class=\"wp-image-1150\" srcset=\"https:\/\/kleinwaltersdorf.de\/wp-content\/uploads\/2019\/02\/DSC_0181-1-1024x680.jpg 1024w, https:\/\/kleinwaltersdorf.de\/wp-content\/uploads\/2019\/02\/DSC_0181-1-300x199.jpg 300w, https:\/\/kleinwaltersdorf.de\/wp-content\/uploads\/2019\/02\/DSC_0181-1-768x510.jpg 768w, https:\/\/kleinwaltersdorf.de\/wp-content\/uploads\/2019\/02\/DSC_0181-1.jpg 1280w\" sizes=\"(max-width: 1024px) 100vw, 1024px\" \/><\/a><figcaption>Erstmalig gab es eine TRIAL-Motorrad-Akrobatik zu bestaunen. Christian Fischer und Manfred Uhlmann balancierten \u00fcber alte Autos, schmale Bretter und Gel\u00e4nderstangen, Nachahmung nicht f\u00fcr jedermann empfehlenswert!<\/figcaption><\/figure><\/li><li class=\"blocks-gallery-item\"><figure><a href=\"http:\/\/new.kleinwaltersdorf-buergerhaus.de\/wp-content\/uploads\/2019\/02\/DSC_0128-1024x680.jpg\"><img decoding=\"async\" loading=\"lazy\" width=\"1024\" height=\"680\" src=\"http:\/\/new.kleinwaltersdorf-buergerhaus.de\/wp-content\/uploads\/2019\/02\/DSC_0128-1024x680.jpg\" alt=\"\" data-id=\"1149\" data-link=\"http:\/\/new.kleinwaltersdorf-buergerhaus.de\/?attachment_id=1149\" class=\"wp-image-1149\" srcset=\"https:\/\/kleinwaltersdorf.de\/wp-content\/uploads\/2019\/02\/DSC_0128-1024x680.jpg 1024w, https:\/\/kleinwaltersdorf.de\/wp-content\/uploads\/2019\/02\/DSC_0128-300x199.jpg 300w, https:\/\/kleinwaltersdorf.de\/wp-content\/uploads\/2019\/02\/DSC_0128-768x510.jpg 768w, https:\/\/kleinwaltersdorf.de\/wp-content\/uploads\/2019\/02\/DSC_0128.jpg 1280w\" sizes=\"(max-width: 1024px) 100vw, 1024px\" \/><\/a><figcaption>Die Strohburg war ein hervorragender Aussichtspunkt beim Motorrad-TRIAL.<\/figcaption><\/figure><\/li><li class=\"blocks-gallery-item\"><figure><a href=\"http:\/\/new.kleinwaltersdorf-buergerhaus.de\/wp-content\/uploads\/2019\/02\/DSC_0307-1024x680.jpg\"><img decoding=\"async\" loading=\"lazy\" width=\"1024\" height=\"680\" src=\"http:\/\/new.kleinwaltersdorf-buergerhaus.de\/wp-content\/uploads\/2019\/02\/DSC_0307-1024x680.jpg\" alt=\"\" data-id=\"1156\" data-link=\"http:\/\/new.kleinwaltersdorf-buergerhaus.de\/?attachment_id=1156\" class=\"wp-image-1156\" srcset=\"https:\/\/kleinwaltersdorf.de\/wp-content\/uploads\/2019\/02\/DSC_0307-1024x680.jpg 1024w, https:\/\/kleinwaltersdorf.de\/wp-content\/uploads\/2019\/02\/DSC_0307-300x199.jpg 300w, https:\/\/kleinwaltersdorf.de\/wp-content\/uploads\/2019\/02\/DSC_0307-768x510.jpg 768w, https:\/\/kleinwaltersdorf.de\/wp-content\/uploads\/2019\/02\/DSC_0307.jpg 1280w\" sizes=\"(max-width: 1024px) 100vw, 1024px\" \/><\/a><figcaption>Der Kleinwaltersdorfer Kindergarten hatte f\u00fcr die kleinen G\u00e4ste eine Bastelstra\u00dfe vorbereitet.<\/figcaption><\/figure><\/li><li class=\"blocks-gallery-item\"><figure><a href=\"http:\/\/new.kleinwaltersdorf-buergerhaus.de\/wp-content\/uploads\/2019\/02\/DSC04593-1024x682.jpg\"><img decoding=\"async\" loading=\"lazy\" width=\"1024\" height=\"682\" src=\"http:\/\/new.kleinwaltersdorf-buergerhaus.de\/wp-content\/uploads\/2019\/02\/DSC04593-1024x682.jpg\" alt=\"\" data-id=\"1161\" data-link=\"http:\/\/new.kleinwaltersdorf-buergerhaus.de\/?attachment_id=1161\" class=\"wp-image-1161\" srcset=\"https:\/\/kleinwaltersdorf.de\/wp-content\/uploads\/2019\/02\/DSC04593-1024x682.jpg 1024w, https:\/\/kleinwaltersdorf.de\/wp-content\/uploads\/2019\/02\/DSC04593-300x200.jpg 300w, https:\/\/kleinwaltersdorf.de\/wp-content\/uploads\/2019\/02\/DSC04593-768x512.jpg 768w, https:\/\/kleinwaltersdorf.de\/wp-content\/uploads\/2019\/02\/DSC04593.jpg 1280w\" sizes=\"(max-width: 1024px) 100vw, 1024px\" \/><\/a><figcaption>\u201eThe Shaking Boogies\u201c, mittlerweile Mitglied im Kleinwaltersdorfer Sportverein, begeisterten jung und alt mit ihrem Auftritt zu Boogie-Musik der 60er Jahre.<\/figcaption><\/figure><\/li><li class=\"blocks-gallery-item\"><figure><a href=\"http:\/\/new.kleinwaltersdorf-buergerhaus.de\/wp-content\/uploads\/2019\/02\/DSC04579-1024x682.jpg\"><img decoding=\"async\" loading=\"lazy\" width=\"1024\" height=\"682\" src=\"http:\/\/new.kleinwaltersdorf-buergerhaus.de\/wp-content\/uploads\/2019\/02\/DSC04579-1024x682.jpg\" alt=\"\" data-id=\"1160\" data-link=\"http:\/\/new.kleinwaltersdorf-buergerhaus.de\/?attachment_id=1160\" class=\"wp-image-1160\" srcset=\"https:\/\/kleinwaltersdorf.de\/wp-content\/uploads\/2019\/02\/DSC04579-1024x682.jpg 1024w, https:\/\/kleinwaltersdorf.de\/wp-content\/uploads\/2019\/02\/DSC04579-300x200.jpg 300w, https:\/\/kleinwaltersdorf.de\/wp-content\/uploads\/2019\/02\/DSC04579-768x512.jpg 768w, https:\/\/kleinwaltersdorf.de\/wp-content\/uploads\/2019\/02\/DSC04579.jpg 1280w\" sizes=\"(max-width: 1024px) 100vw, 1024px\" \/><\/a><figcaption>Am Samstag Abend traten die \u201eBlack Diamonds\u201c gemeinsam mit \u201eBlack&#038;White\u201c auf und begeisterten mit einem Charleston.<\/figcaption><\/figure><\/li><li class=\"blocks-gallery-item\"><figure><a href=\"http:\/\/new.kleinwaltersdorf-buergerhaus.de\/wp-content\/uploads\/2019\/02\/DSC04691-1024x682.jpg\"><img decoding=\"async\" loading=\"lazy\" width=\"1024\" height=\"682\" src=\"http:\/\/new.kleinwaltersdorf-buergerhaus.de\/wp-content\/uploads\/2019\/02\/DSC04691-1024x682.jpg\" alt=\"\" data-id=\"1163\" data-link=\"http:\/\/new.kleinwaltersdorf-buergerhaus.de\/?attachment_id=1163\" class=\"wp-image-1163\" srcset=\"https:\/\/kleinwaltersdorf.de\/wp-content\/uploads\/2019\/02\/DSC04691-1024x682.jpg 1024w, https:\/\/kleinwaltersdorf.de\/wp-content\/uploads\/2019\/02\/DSC04691-300x200.jpg 300w, https:\/\/kleinwaltersdorf.de\/wp-content\/uploads\/2019\/02\/DSC04691-768x512.jpg 768w, https:\/\/kleinwaltersdorf.de\/wp-content\/uploads\/2019\/02\/DSC04691.jpg 1280w\" sizes=\"(max-width: 1024px) 100vw, 1024px\" \/><\/a><figcaption>Eine weitere Premiere war der erstmalige Auftritt der Kleinwaltersdorfer S\u00e4nger unter Leitung von Heidi Hinkel. Die Resonanz war riesengro\u00df, der Saal des B\u00fcrgerhauses prall gef\u00fcllt.<\/figcaption><\/figure><\/li><li class=\"blocks-gallery-item\"><figure><a href=\"http:\/\/new.kleinwaltersdorf-buergerhaus.de\/wp-content\/uploads\/2019\/02\/DSC_0259-1024x680.jpg\"><img decoding=\"async\" loading=\"lazy\" width=\"1024\" height=\"680\" src=\"http:\/\/new.kleinwaltersdorf-buergerhaus.de\/wp-content\/uploads\/2019\/02\/DSC_0259-1024x680.jpg\" alt=\"\" data-id=\"1153\" data-link=\"http:\/\/new.kleinwaltersdorf-buergerhaus.de\/?attachment_id=1153\" class=\"wp-image-1153\" srcset=\"https:\/\/kleinwaltersdorf.de\/wp-content\/uploads\/2019\/02\/DSC_0259-1024x680.jpg 1024w, https:\/\/kleinwaltersdorf.de\/wp-content\/uploads\/2019\/02\/DSC_0259-300x199.jpg 300w, https:\/\/kleinwaltersdorf.de\/wp-content\/uploads\/2019\/02\/DSC_0259-768x510.jpg 768w, https:\/\/kleinwaltersdorf.de\/wp-content\/uploads\/2019\/02\/DSC_0259.jpg 1280w\" sizes=\"(max-width: 1024px) 100vw, 1024px\" \/><\/a><figcaption>Die Agricola-Schule Freiberg war ebenfalls mit einem bunten Programm vertreten.<\/figcaption><\/figure><\/li><li class=\"blocks-gallery-item\"><figure><a href=\"http:\/\/new.kleinwaltersdorf-buergerhaus.de\/wp-content\/uploads\/2019\/02\/DSC_0264-1024x680.jpg\"><img decoding=\"async\" loading=\"lazy\" width=\"1024\" height=\"680\" src=\"http:\/\/new.kleinwaltersdorf-buergerhaus.de\/wp-content\/uploads\/2019\/02\/DSC_0264-1024x680.jpg\" alt=\"\" data-id=\"1154\" data-link=\"http:\/\/new.kleinwaltersdorf-buergerhaus.de\/?attachment_id=1154\" class=\"wp-image-1154\" srcset=\"https:\/\/kleinwaltersdorf.de\/wp-content\/uploads\/2019\/02\/DSC_0264-1024x680.jpg 1024w, https:\/\/kleinwaltersdorf.de\/wp-content\/uploads\/2019\/02\/DSC_0264-300x199.jpg 300w, https:\/\/kleinwaltersdorf.de\/wp-content\/uploads\/2019\/02\/DSC_0264-768x510.jpg 768w, https:\/\/kleinwaltersdorf.de\/wp-content\/uploads\/2019\/02\/DSC_0264.jpg 1280w\" sizes=\"(max-width: 1024px) 100vw, 1024px\" \/><\/a><figcaption>Zauberer Amlung sorgte am Sonntag nachmittag f\u00fcr beste Unterhaltung.<\/figcaption><\/figure><\/li><\/ul>\n","protected":false},"excerpt":{"rendered":"","protected":false},"author":1,"featured_media":0,"parent":26,"menu_order":0,"comment_status":"closed","ping_status":"closed","template":"","meta":{"footnotes":""},"_links":{"self":[{"href":"https:\/\/kleinwaltersdorf.de\/index.php\/wp-json\/wp\/v2\/pages\/1142"}],"collection":[{"href":"https:\/\/kleinwaltersdorf.de\/index.php\/wp-json\/wp\/v2\/pages"}],"about":[{"href":"https:\/\/kleinwaltersdorf.de\/index.php\/wp-json\/wp\/v2\/types\/page"}],"author":[{"embeddable":true,"href":"https:\/\/kleinwaltersdorf.de\/index.php\/wp-json\/wp\/v2\/users\/1"}],"replies":[{"embeddable":true,"href":"https:\/\/kleinwaltersdorf.de\/index.php\/wp-json\/wp\/v2\/comments?post=1142"}],"version-history":[{"count":1,"href":"https:\/\/kleinwaltersdorf.de\/index.php\/wp-json\/wp\/v2\/pages\/1142\/revisions"}],"predecessor-version":[{"id":1164,"href":"https:\/\/kleinwaltersdorf.de\/index.php\/wp-json\/wp\/v2\/pages\/1142\/revisions\/1164"}],"up":[{"embeddable":true,"href":"https:\/\/kleinwaltersdorf.de\/index.php\/wp-json\/wp\/v2\/pages\/26"}],"wp:attachment":[{"href":"https:\/\/kleinwaltersdorf.de\/index.php\/wp-json\/wp\/v2\/media?parent=1142"}],"curies":[{"name":"wp","href":"https:\/\/api.w.org\/{rel}","templated":true}]}}